{"version":"1.0","provider_name":"Sophiahemmet Sjukhus","provider_url":"https:\/\/sjukhus.sophiahemmet.se\/en\/","author_name":"Pia Robertsson Ronkainen","author_url":"https:\/\/sjukhus.sophiahemmet.se\/en\/author\/shpia\/","title":"V\u00e4lkommen Jan Zedenius, Sophiahemmets nye chefl\u00e4kare! - Sophiahemmet Sjukhus","type":"rich","width":600,"height":338,"html":"<blockquote class=\"wp-embedded-content\" data-secret=\"ZUt7SiFuT3\"><a href=\"https:\/\/sjukhus.sophiahemmet.se\/en\/sophianytt\/valkommen-jan-zedenius-sophiahemmets-nye-cheflakare\/\">V\u00e4lkommen Jan Zedenius, Sophiahemmets nye chefl\u00e4kare!<\/a><\/blockquote><iframe sandbox=\"allow-scripts\" security=\"restricted\" src=\"https:\/\/sjukhus.sophiahemmet.se\/en\/sophianytt\/valkommen-jan-zedenius-sophiahemmets-nye-cheflakare\/embed\/#?secret=ZUt7SiFuT3\" width=\"600\" height=\"338\" title=\"&#8220;V\u00e4lkommen Jan Zedenius, Sophiahemmets nye chefl\u00e4kare!&#8221; &#8212; Sophiahemmet Sjukhus\" data-secret=\"ZUt7SiFuT3\" frameborder=\"0\" marginwidth=\"0\" marginheight=\"0\" scrolling=\"no\" class=\"wp-embedded-content\"><\/iframe><script type=\"text\/javascript\">\n\/*! This file is auto-generated *\/\n!function(c,d){\"use strict\";var e=!1,o=!1;if(d.querySelector)if(c.addEventListener)e=!0;if(c.wp=c.wp||{},!c.wp.receiveEmbedMessage)if(c.wp.receiveEmbedMessage=function(e){var t=e.data;if(t)if(t.secret||t.message||t.value)if(!\/[^a-zA-Z0-9]\/.test(t.secret)){for(var r,a,i,s=d.querySelectorAll('iframe[data-secret=\"'+t.secret+'\"]'),n=d.querySelectorAll('blockquote[data-secret=\"'+t.secret+'\"]'),o=0;o<n.length;o++)n[o].style.display=\"none\";for(o=0;o<s.length;o++)if(r=s[o],e.source===r.contentWindow){if(r.removeAttribute(\"style\"),\"height\"===t.message){if(1e3<(i=parseInt(t.value,10)))i=1e3;else if(~~i<200)i=200;r.height=i}if(\"link\"===t.message)if(a=d.createElement(\"a\"),i=d.createElement(\"a\"),a.href=r.getAttribute(\"src\"),i.href=t.value,i.host===a.host)if(d.activeElement===r)c.top.location.href=t.value}}},e)c.addEventListener(\"message\",c.wp.receiveEmbedMessage,!1),d.addEventListener(\"DOMContentLoaded\",t,!1),c.addEventListener(\"load\",t,!1);function t(){if(!o){o=!0;for(var e,t,r,a=-1!==navigator.appVersion.indexOf(\"MSIE 10\"),i=!!navigator.userAgent.match(\/Trident.*rv:11\\.\/),s=d.querySelectorAll(\"iframe.wp-embedded-content\"),n=0;n<s.length;n++){if(!(r=(t=s[n]).getAttribute(\"data-secret\")))r=Math.random().toString(36).substr(2,10),t.src+=\"#?secret=\"+r,t.setAttribute(\"data-secret\",r);if(a||i)(e=t.cloneNode(!0)).removeAttribute(\"security\"),t.parentNode.replaceChild(e,t);t.contentWindow.postMessage({message:\"ready\",secret:r},\"*\")}}}}(window,document);\n<\/script>\n","description":"Vad fick dig att tacka ja till jobbet? \u2013 Jag tyckte att beskrivningen av uppdraget verkade intressant plus att jag\u00a0 f\u00f6rutom att vara chefl\u00e4kare f\u00f6r sjukhuset ocks\u00e5 har som uppdrag att utveckla Sophiahemmets framtida verksamhet i ljuset av FHS, framtidens h\u00e4lso- och sjukv\u00e5rd i Stockholm. Man s\u00e5g ocks\u00e5 positivt p\u00e5 att jag vill forts\u00e4tta med [&hellip;]","thumbnail_url":"https:\/\/sjukhus.sophiahemmet.se\/wp-content\/uploads\/2020\/07\/SH_ext_009_1736x640.jpg","thumbnail_width":1736,"thumbnail_height":640}